{"id":20,"date":"2020-09-02T00:24:56","date_gmt":"2020-09-02T00:24:56","guid":{"rendered":"http:\/\/osaverdeymar.com\/?page_id=20"},"modified":"2021-01-19T03:14:30","modified_gmt":"2021-01-19T03:14:30","slug":"sobre-nosotros","status":"publish","type":"page","link":"https:\/\/osaverdeymar.com\/?page_id=20","title":{"rendered":"Sobre Nosotros"},"content":{"rendered":"\n<section id=\"section-f14d21ad-4c6c-4e1a-9939-590e8590a557\" class=\"wp-block-gutentor-image-slider gutentor-section gutentor-image-slider imageSlider-template1\"><div class=\"gutentor-grid-item-wrap\"><div class=\"gutentor-slider-wrapper\" data-dots=\"true\" data-dots-tablet=\"false\" data-dots-mobile=\"false\" data-arrows=\"true\" data-arrows-tablet=\"false\" data-arrows-mobile=\"false\" data-infinite=\"false\" data-nextarrow=\"fas fa-angle-right\" data-prevarrow=\"fas fa-angle-left\" data-autoplay=\"true\" data-autoplayspeed=\"7000\" data-blockimagesliderfade=\"false\" data-speed=\"900\"><div class=\"gutentor-slider-item\"><div class=\"gutentor-single-item gutentor-single-item-0\"><div class=\"gutentor-single-item-wrap\"><div class=\"gutentor-single-item-image-box\"><div class=\"gutentor-bg-image\"><div class=\"overlay\"><\/div><\/div><\/div><div class=\"gutentor-single-item-content\"><div class=\"grid-container\"><div class=\"slider-caption text-center\"><h3 class=\"gutentor-single-item-title\">Especializados en la Zona Sur<\/h3><p class=\"gutentor-single-item-desc\">Esta regi\u00f3n es altamente rica en recursos naturales y ecol\u00f3gicamente inexplorados, en su geograf\u00eda  encontrar\u00e1 atractivos naturales que la hacen \u00fanica.\u00a0<br> <br><\/p><\/div><\/div><\/div><\/div><\/div><\/div><\/div><\/div><\/section>\n\n\n\n<div style=\"height:100px\" aria-hidden=\"true\" class=\"wp-block-spacer\"><\/div>\n\n\n\n<section id=\"section-9eaacfd4-54b2-4530-90b9-2ca9fdb3f840\" class=\"wp-block-gutentor-about-block gutentor-section gutentor-about about-template4 has-color-bg has-custom-bg\"><div class=\"grid-container\"><div class=\"gutentor-grid-item-wrap\"><div class=\"gutentor-single-item\"><div class=\"grid-row\"><div class=\"grid-md-6 about-grid\"><div class=\"gutentor-single-item-content\"><div class=\"gutentor-about-content\"><h3 class=\"gutentor-single-item-title\">\u00a1Hola! Soy Eduardo,<\/h3><p class=\"gutentor-single-item-desc\">Director de Osa Verde y Mar. Despu\u00e9s de haber concluido mi formaci\u00f3n como piloto aviador en Venezuela, regres\u00e9 a mi pa\u00eds con muchas expectativas y vol\u00e9 por la zona la fui conociendo con un amigo que tiene un taxi a\u00e9reo, observar desde las alturas el verde oscuro de la Pen\u00ednsula de Osa un bosque h\u00famedo poco intervenido y la combinaci\u00f3n con el azul del mar, el majestuoso Golfo Dulce observar alguna Ballena y los delfines dando saltos fuera del agua me fueron cautivando y da inicio a una nueva aventura.<br> <br> Es as\u00ed como comienzo a recorrer esta zona por tierra, y voy descubriendo las bellezas naturales que ella esconde.\u00a0<br> <br>El tiempo que he invertido en conocer esta zona, investigar y desarrollar este DESTINO y para que sea EXITOSO lo divid\u00ed en 7 segmentos que fui construyendo uno a uno, ha sido un proceso lento que hoy me da como resultado una estructura robusta, diferenciada y la madurez para competir en los mercados internacionales.<br> \u00a0<br> De acuerdo a la variedad de los escenarios naturales, diversifiqu\u00e9 las actividades en 7 segmentos, para llegar a un p\u00fablico meta mucho m\u00e1s variado. \u00a0<br><\/p><\/div><\/div><\/div><div class=\"grid-md-6 about-grid\"><div class=\"gutentor-single-item-image-box\"><div class=\"gutentor-image-thumb\"><img class=\"normal-image\" src=\"http:\/\/osaverdeymar.com\/wp-content\/uploads\/2020\/09\/WhatsApp-Image-2020-08-31-at-7.33.03-PM.jpeg\" alt=\"\"\/><\/div><\/div><\/div><\/div><\/div><\/div><\/div><\/section>\n\n\n\n<section id=\"section-f46e9a8f-2315-40f2-92f2-471e333ec382\" class=\"wp-block-gutentor-about-block gutentor-section gutentor-about about-template6 has-color-bg has-custom-bg\"><div class=\"grid-container\"><div class=\"gutentor-grid-item-wrap\"><div class=\"gutentor-single-item\"><div class=\"grid-row\"><div class=\"grid-md-6 about-grid\"><div class=\"gutentor-single-item-content\"><div class=\"gutentor-about-content\"><h3 class=\"gutentor-single-item-title\">Sobre la Zona Sur<\/h3><p class=\"gutentor-single-item-desc\">Somos un tour operador especializado en la zona sur y sur-sur del Pac\u00edfico Costarricense,  una zona muy singular, virgen y espectacular.<br>Es una regi\u00f3n altamente rica en recursos naturales y ecol\u00f3gicamente inexplorados. En su geograf\u00eda\u00a0encontrar\u00e1\u00a0atractivos naturales que la hacen \u00fanica.<\/p><\/div><\/div><\/div><div class=\"grid-md-6 about-grid\"><div class=\"gutentor-single-item-image-box\"><div class=\"gutentor-image-thumb\"><img class=\"normal-image\" src=\"http:\/\/osaverdeymar.com\/wp-content\/uploads\/2020\/11\/Captura-de-Pantalla-2020-11-09-a-las-11.53.24-e1604944461131.png\" alt=\"\"\/><\/div><\/div><\/div><\/div><\/div><\/div><\/div><\/section>\n\n\n\n<section id=\"section-aa8fbb23-6ac8-4522-913c-c8944c61078d\" class=\"wp-block-gutentor-advanced-columns gutentor-section gutentor-advanced-columns has-color-bg has-custom-bg\"><div class=\"grid-container\"><div class=\"grid-row\">\n<section id=\"section-235387b3-c838-4dee-8a58-d85abc187ac1\" class=\"wp-block-gutentor-single-column gutentor-single-column  grid-lg-4 grid-md-12 grid-12\">\n<section id=\"section-e2865eb2-1884-4540-800c-0efa99044253\" class=\"wp-block-gutentor-content-box gutentor-section gutentor-content-box-wrapper content-template1\"><div class=\"grid-container\"><div class=\"gutentor-block-header\"><div class=\"gutentor-section-title text-left\"><span class=\"gutentor-title\"><br><br><span style=\"color:#adc32e\" class=\"has-inline-color\">SABIAS QU\u00c9<\/span><\/span><\/div><\/div><div class=\"grid-row gutentor-grid-item-wrap\"><div class=\"gutentor-grid-column grid-lg-12 grid-md-12 grid-12\"><div class=\"gutentor-single-item gutentor-single-item-0\"><div class=\"gutentor-single-item-wrap\"><div class=\"gutentor-single-item-content\"><h3 class=\"gutentor-single-item-title\">La Zona Sur de Costa Rica<\/h3><p class=\"gutentor-single-item-desc\">Tenemos dos lugares declarados como Patrimonio de la Humanidad por la UNESCO.<br><br>Hay un Sitio Ramsar, de importancia internacional por sus reservas de agua, por ser espacios donde se conserva mucha biodiversidad y ser determinantes en la funci\u00f3n de los ecosistemas. <\/p><a class=\"gutentor-button gutentor-single-item-button gutentor-icon-after\" href=\"http:\/\/osaverdeymar.com\/?page_id=12\"><i class=\"gutentor-button-icon fas fa-angle-right\"><\/i><span>PROGRAMAS<\/span><\/a><\/div><\/div><\/div><\/div><\/div><\/div><\/section>\n<\/section>\n\n\n\n<section id=\"section-f9a62d3e-28ac-42ca-ac30-33866edb1f59\" class=\"wp-block-gutentor-single-column gutentor-single-column  grid-lg-8 grid-md-12 grid-12\">\n<section id=\"section-b25745b2-7c44-4a5e-b03d-b7227e5b1589\" class=\"wp-block-gutentor-icon-box gutentor-section gutentor-icon-wrapper icon-template1\"><div class=\"grid-container\"><div class=\"grid-row gutentor-grid-item-wrap\"><div class=\"gutentor-grid-column grid-lg-4 grid-md-6 grid-12\"><div class=\"gutentor-single-item gutentor-icon gutentor-single-item-0\"><div class=\"gutentor-single-item-wrap\"><div class=\"gutentor-single-item-icon-box\"><i class=\"fas fa-tree\"><\/i><\/div><div class=\"gutentor-single-item-content\"><h3 class=\"gutentor-single-item-title\">Parque Nacional Corcovado<\/h3><p class=\"gutentor-single-item-desc\"><\/p><\/div><\/div><\/div><\/div><div class=\"gutentor-grid-column grid-lg-4 grid-md-6 grid-12\"><div class=\"gutentor-single-item gutentor-icon gutentor-single-item-1\"><div class=\"gutentor-single-item-wrap\"><div class=\"gutentor-single-item-icon-box\"><i class=\"fas fa-location-arrow\"><\/i><\/div><div class=\"gutentor-single-item-content\"><h3 class=\"gutentor-single-item-title\">Reserva Forestal Golfo Dulce<\/h3><p class=\"gutentor-single-item-desc\"><\/p><\/div><\/div><\/div><\/div><div class=\"gutentor-grid-column grid-lg-4 grid-md-6 grid-12\"><div class=\"gutentor-single-item gutentor-icon gutentor-single-item-2\"><div class=\"gutentor-single-item-wrap\"><div class=\"gutentor-single-item-icon-box\"><i class=\"fas fa-crow\"><\/i><\/div><div class=\"gutentor-single-item-content\"><h3 class=\"gutentor-single-item-title\">Golfo Dulce, un fiordo tropical<\/h3><p class=\"gutentor-single-item-desc\"><\/p><\/div><\/div><\/div><\/div><div class=\"gutentor-grid-column grid-lg-4 grid-md-6 grid-12\"><div class=\"gutentor-single-item gutentor-icon gutentor-single-item-3\"><div class=\"gutentor-single-item-wrap\"><div class=\"gutentor-single-item-icon-box\"><i class=\"fas fa-frog\"><\/i><\/div><div class=\"gutentor-single-item-content\"><h3 class=\"gutentor-single-item-title\">Parque Internacional La Amistad<\/h3><p class=\"gutentor-single-item-desc\">Patrimonio de la Humanidad (UNESCO).<\/p><\/div><\/div><\/div><\/div><div class=\"gutentor-grid-column grid-lg-4 grid-md-6 grid-12\"><div class=\"gutentor-single-item gutentor-icon gutentor-single-item-4\"><div class=\"gutentor-single-item-wrap\"><div class=\"gutentor-single-item-icon-box\"><i class=\"fas fa-circle\"><\/i><\/div><div class=\"gutentor-single-item-content\"><h3 class=\"gutentor-single-item-title\">Las Esferas Precolombinas<\/h3><p class=\"gutentor-single-item-desc\">Patrimonio de la Humanidad (UNESCO).<\/p><\/div><\/div><\/div><\/div><div class=\"gutentor-grid-column grid-lg-4 grid-md-6 grid-12\"><div class=\"gutentor-single-item gutentor-icon gutentor-single-item-5\"><div class=\"gutentor-single-item-wrap\"><div class=\"gutentor-single-item-icon-box\"><i class=\"fab fa-deskpro\"><\/i><\/div><div class=\"gutentor-single-item-content\"><h3 class=\"gutentor-single-item-title\">Manglares Sierpe-Terraba<\/h3><p class=\"gutentor-single-item-desc\">Sitio Ramsar.<\/p><\/div><\/div><\/div><\/div><div class=\"gutentor-grid-column grid-lg-4 grid-md-6 grid-12\"><div class=\"gutentor-single-item gutentor-icon gutentor-single-item-6\"><div class=\"gutentor-single-item-wrap\"><div class=\"gutentor-single-item-icon-box\"><i class=\"fab fa-docker\"><\/i><\/div><div class=\"gutentor-single-item-content\"><h3 class=\"gutentor-single-item-title\">Parque Nacional Marino Ballena<\/h3><p class=\"gutentor-single-item-desc\"><\/p><\/div><\/div><\/div><\/div><div class=\"gutentor-grid-column grid-lg-4 grid-md-6 grid-12\"><div class=\"gutentor-single-item gutentor-icon gutentor-single-item-7\"><div class=\"gutentor-single-item-wrap\"><div class=\"gutentor-single-item-icon-box\"><i class=\"fab fa-pied-piper-alt\"><\/i><\/div><div class=\"gutentor-single-item-content\"><h3 class=\"gutentor-single-item-title\">Reservas Ind\u00edgenas<\/h3><p class=\"gutentor-single-item-desc\"><\/p><\/div><\/div><\/div><\/div><div class=\"gutentor-grid-column grid-lg-4 grid-md-6 grid-12\"><div class=\"gutentor-single-item gutentor-icon gutentor-single-item-8\"><div class=\"gutentor-single-item-wrap\"><div class=\"gutentor-single-item-icon-box\"><i class=\"fas fa-industry\"><\/i><\/div><div class=\"gutentor-single-item-content\"><h3 class=\"gutentor-single-item-title\">Parque Nacional Chirrip\u00f3<\/h3><p class=\"gutentor-single-item-desc\"><\/p><\/div><\/div><\/div><\/div><div class=\"gutentor-grid-column grid-lg-4 grid-md-6 grid-12\"><div class=\"gutentor-single-item gutentor-icon gutentor-single-item-9\"><div class=\"gutentor-single-item-wrap\"><div class=\"gutentor-single-item-icon-box\"><i class=\"fab fa-studiovinari\"><\/i><\/div><div class=\"gutentor-single-item-content\"><h3 class=\"gutentor-single-item-title\">Parque Nacional Los Quetzales<\/h3><p class=\"gutentor-single-item-desc\"><\/p><\/div><\/div><\/div><\/div><\/div><\/div><\/section>\n<\/section>\n<\/div><\/div><\/section>\n\n\n\n<div style=\"height:100px\" aria-hidden=\"true\" class=\"wp-block-spacer\"><\/div>\n\n\n\n<section id=\"section-3842771d-7ae7-481b-8025-7b72daafd3bc\" class=\"wp-block-gutentor-team gutentor-section gutentor-team team-template1\"><div class=\"grid-container\"><div class=\"gutentor-block-header\"><div class=\"gutentor-section-title text-center\"><h2 class=\"gutentor-title\">Nuestro Equipo<\/h2><\/div><\/div><div class=\"grid-row gutentor-grid-item-wrap\"><div class=\"gutentor-grid-column grid-lg-4 grid-md-4 grid-12\"><div class=\"gutentor-single-item gutentor-image team-template1 gutentor-single-item-0\"><div class=\"gutentor-template-wrapper\"><div class=\"gutentor-single-item-image-box\"><div class=\"gutentor-image-thumb\"><img class=\"normal-image\" src=\"http:\/\/osaverdeymar.com\/wp-content\/uploads\/2020\/09\/WhatsApp-Image-2020-08-31-at-7.33.03-PM.jpeg\" alt=\"\"\/><\/div><\/div><div class=\"gutentor-single-item-content\"><h5 class=\"gutentor-single-item-title\">Eduardo Granados<\/h5><p class=\"gutentor-single-item-designation\">Director<\/p><\/div><\/div><\/div><\/div><div class=\"gutentor-grid-column grid-lg-4 grid-md-4 grid-12\"><div class=\"gutentor-single-item gutentor-image team-template1 gutentor-single-item-1\"><div class=\"gutentor-template-wrapper\"><div class=\"gutentor-single-item-image-box\"><div class=\"gutentor-image-thumb\"><img class=\"normal-image\" src=\"http:\/\/osaverdeymar.com\/wp-content\/uploads\/2020\/09\/yo2cuadrado-scaled.jpg\" alt=\"\"\/><\/div><\/div><div class=\"gutentor-single-item-content\"><h5 class=\"gutentor-single-item-title\">Lisa Belloso<\/h5><p class=\"gutentor-single-item-designation\">Web Master y Community Manager<br><br>Fot\u00f3grafa profesional, ling\u00fcista, traductora ingl\u00e9s-espa\u00f1ol, productora audiovisual, community manager e y desarrolladora web. <\/p><\/div><\/div><\/div><\/div><div class=\"gutentor-grid-column grid-lg-4 grid-md-4 grid-12\"><div class=\"gutentor-single-item gutentor-image team-template1 gutentor-single-item-2\"><div class=\"gutentor-template-wrapper\"><div class=\"gutentor-single-item-image-box\"><div class=\"gutentor-image-thumb\"><img class=\"normal-image\" src=\"http:\/\/osaverdeymar.com\/wp-content\/uploads\/2020\/09\/49798832_10156714175567870_2911231848019394560_n.jpg\" alt=\"\"\/><\/div><\/div><div class=\"gutentor-single-item-content\"><h5 class=\"gutentor-single-item-title\">Valeria Collado<\/h5><p class=\"gutentor-single-item-designation\">Licenciada en Nutrici\u00f3n<br> Graduada con honores de la Universidad de Costa Rica.<br>Afiliada al Colegio de Profesionales en Nutrici\u00f3n de Costa Rica.<br>Cuenta con estudios complementarios en alimentaci\u00f3n emocional, des\u00f3rdenes de la conducta alimentaria y nutrici\u00f3n deportiva.\u00a0<br><\/p><\/div><\/div><\/div><\/div><div class=\"gutentor-grid-column grid-lg-4 grid-md-4 grid-12\"><div class=\"gutentor-single-item gutentor-image team-template1 gutentor-single-item-3\"><div class=\"gutentor-template-wrapper\"><div class=\"gutentor-single-item-image-box\"><div class=\"gutentor-image-thumb\"><img class=\"normal-image\" src=\"http:\/\/osaverdeymar.com\/wp-content\/uploads\/2020\/10\/WhatsApp-Image-2020-09-09-at-2.16.21-PM-1.jpeg\" alt=\"\"\/><\/div><\/div><div class=\"gutentor-single-item-content\"><h5 class=\"gutentor-single-item-title\">Marcela Canet<br><\/h5><p class=\"gutentor-single-item-designation\">Asesora<br><br>Deportista de alto rendimiento con m\u00e1s de 25 a\u00f1os de experiencia en Mountain-Bike<\/p><\/div><\/div><\/div><\/div><div class=\"gutentor-grid-column grid-lg-4 grid-md-4 grid-12\"><div class=\"gutentor-single-item gutentor-image team-template1 gutentor-single-item-4\"><div class=\"gutentor-template-wrapper\"><div class=\"gutentor-single-item-image-box\"><div class=\"gutentor-image-thumb\"><img class=\"normal-image\" src=\"http:\/\/osaverdeymar.com\/wp-content\/uploads\/2020\/11\/Captura-de-Pantalla-2020-11-16-a-las-18.43.46.png\" alt=\"\"\/><\/div><\/div><div class=\"gutentor-single-item-content\"><h5 class=\"gutentor-single-item-title\">Liliana \u00c1lvarez<\/h5><p class=\"gutentor-single-item-designation\">Bi\u00f3loga<br><br>Bachiller en Biolog\u00eda con \u00c9nfasis en Biolog\u00eda Marina.<br>Licenciada en Manejo de Recursos Marinos y Dulceacu\u00edcolas de la Universidad Nacional de Costa Rica (UNA).<br><\/p><\/div><\/div><\/div><\/div><div class=\"gutentor-grid-column grid-lg-4 grid-md-4 grid-12\"><div class=\"gutentor-single-item gutentor-image team-template1 gutentor-single-item-5\"><div class=\"gutentor-template-wrapper\"><div class=\"gutentor-single-item-image-box\"><div class=\"gutentor-image-thumb\"><img class=\"normal-image\" src=\"http:\/\/osaverdeymar.com\/wp-content\/uploads\/2020\/11\/Captura-de-Pantalla-2020-11-23-a-las-23.03.15.png\" alt=\"\"\/><\/div><\/div><div class=\"gutentor-single-item-content\"><h5 class=\"gutentor-single-item-title\">Gustavo Ruiz <\/h5><p class=\"gutentor-single-item-designation\">Bi\u00f3logo Tropical.<br>Profesional en Biolog\u00eda tropical con Licenciatura en Manejo de Recursos Naturales, y M\u00e1ster en Ciencias de la Educaci\u00f3n con \u00c9nfasis en Docencia. Dentro de su perfil cuenta con experiencia en evaluaciones del h\u00e1bitat mediante el uso de vertebrados como indicadores biol\u00f3gicos<\/p><\/div><\/div><\/div><\/div><\/div><\/div><\/section>\n\n\n\n<div style=\"height:100px\" aria-hidden=\"true\" class=\"wp-block-spacer\"><\/div>\n\n\n\n<div style=\"height:100px\" aria-hidden=\"true\" class=\"wp-block-spacer\"><\/div>\n\n\n\n<h2 class=\"has-text-align-center has-text-color\" style=\"color:#0e00cc\">Misi\u00f3n, Visi\u00f3n y Valores<\/h2>\n\n\n\n<section id=\"48d1e3\" class=\"section-48d1e3 gutentor-module gutentor-module-accordion gutentor-module-accordion-enable-toggle has-color-bg has-custom-bg\"><div class=\"grid-container\">\n<div id=\"2ba422\" class=\"wp-block-gutentor-m6-item section-2ba422 gutentor-module gutentor-module-accordion-item\"><div class=\"gutentor-module-accordion-panel g-a-panel-48d1e3 gutentor-module-accordion-active\"><div class=\"gm-ah-48d1e3 gutentor-module-accordion-item-heading gutentor-module-icon-position-right\"><span class=\"gutentor-module-accordion-panel-handler\" role=\"button\"><span class=\"gutentor-module-accordion-panel-handler-label\">Nuestra Misi\u00f3n<\/span><span class=\"gutentor-module-accordion-icon gutentor-module-accordion-icon-active gutentor-enabled-width\"><i class=\"gm-aio-48d1e3 gutentor-module-accordion-icon-open fas fa-angle-down\"><\/i><i class=\"gm-aic-48d1e3 gutentor-module-accordion-icon-close fas fa-angle-up\"><\/i><\/span><\/span><\/div><div class=\"gm-ab-48d1e3 gutentor-module-accordion-body\">\n<section id=\"gm16e03b4\" class=\"wp-block-gutentor-m4 section-gm16e03b4 gutentor-module gutentor-advanced-columns\"><div class=\"grid-container\"><div class=\"grid-row\">\n<div id=\"col-gmc66cb3\" class=\"wp-block-gutentor-m4-col col-gmc66cb3 gutentor-single-column  grid-lg-5 grid-md-12 grid-12\"><div id=\"section-gmc66cb3\" class=\"section-gmc66cb3 gutentor-col-wrap\">\n<section id=\"section-270382ac-3c07-4281-a441-7d261eccbd97\" class=\"wp-block-gutentor-icon-box gutentor-section gutentor-icon-wrapper icon-template1\"><div class=\"grid-container\"><div class=\"grid-row gutentor-grid-item-wrap\"><div class=\"gutentor-grid-column grid-lg-4 grid-md-4 grid-12\"><div class=\"gutentor-single-item gutentor-icon gutentor-single-item-0\"><div class=\"gutentor-single-item-wrap\"><div class=\"gutentor-single-item-icon-box\"><i class=\"fas fa-hand-holding-heart\"><\/i><\/div><div class=\"gutentor-single-item-content\"><\/div><\/div><\/div><\/div><\/div><\/div><\/section>\n<\/div><\/div>\n\n\n\n<div id=\"col-gmf26af9\" class=\"wp-block-gutentor-m4-col col-gmf26af9 gutentor-single-column  grid-lg-7 grid-md-12 grid-12\"><div id=\"section-gmf26af9\" class=\"section-gmf26af9 gutentor-col-wrap\">\n<div id=\"section-gba637a\" class=\"wp-block-gutentor-e0 section-gba637a gutentor-element gutentor-element-advanced-text text-align-center-desktop text-align-center-tablet text-align-center-mobile\"><div class=\"gutentor-text-wrap\"><h4 class=\"gutentor-text\">Misi\u00f3n<\/h4><\/div><\/div>\n\n\n\n<div id=\"section-g0d93b6\" class=\"wp-block-gutentor-e0 section-g0d93b6 gutentor-element gutentor-element-advanced-text\"><div class=\"gutentor-text-wrap\"><p class=\"gutentor-text\">Somos fuente de diversi\u00f3n, aprendizaje, sensibilidad humana para los conocedores y valoradores de la aventura, la cultura, la naturaleza, el deporte, el entorno rural, la salud y los incentivos.<br><\/p><\/div><\/div>\n\n\n\n<p><\/p>\n<\/div><\/div>\n<\/div><\/div><\/section>\n<\/div><\/div><\/div>\n\n\n\n<div id=\"cc5d6f\" class=\"wp-block-gutentor-m6-item section-cc5d6f gutentor-module gutentor-module-accordion-item\"><div class=\"gutentor-module-accordion-panel g-a-panel-48d1e3\"><div class=\"gm-ah-48d1e3 gutentor-module-accordion-item-heading gutentor-module-icon-position-right\"><span class=\"gutentor-module-accordion-panel-handler\" role=\"button\"><span class=\"gutentor-module-accordion-panel-handler-label\">Nuestra Visi\u00f3n<\/span><span class=\"gutentor-module-accordion-icon gutentor-enabled-width\"><i class=\"gm-aio-48d1e3 gutentor-module-accordion-icon-open fas fa-angle-down\"><\/i><i class=\"gm-aic-48d1e3 gutentor-module-accordion-icon-close fas fa-angle-up\"><\/i><\/span><\/span><\/div><div class=\"gm-ab-48d1e3 gutentor-module-accordion-body\">\n<section id=\"gm0b2e0c6\" class=\"wp-block-gutentor-m2 section-gm0b2e0c6 gutentor-module gutentor-dynamic-columns\"><div class=\"grid-container\"><div class=\"grid-row\">\n<div id=\"col-gm6f27d2\" class=\"wp-block-gutentor-m2-col col-gm6f27d2 gutentor-module gutentor-dynamic-single-column grid-lg-6 grid-md-4 grid-12\"><div id=\"section-gm6f27d2\" class=\"section-gm6f27d2 gutentor-single-col\">\n<div id=\"section-g503540\" class=\"wp-block-gutentor-e5 section-g503540 gutentor-element gutentor-element-icon gutentor-icon-default text-align-center-desktop text-align-center-tablet text-align-center-mobile\"><div class=\"gutentor-element-icon-box\"><i class=\"fas fa-star\"><\/i><\/div><\/div>\n<\/div><\/div>\n\n\n\n<div id=\"col-gm34eced\" class=\"wp-block-gutentor-m2-col col-gm34eced gutentor-module gutentor-dynamic-single-column grid-lg-6 grid-md-4 grid-12\"><div id=\"section-gm34eced\" class=\"section-gm34eced gutentor-single-col\">\n<div id=\"section-gd8c666\" class=\"wp-block-gutentor-e0 section-gd8c666 gutentor-element gutentor-element-advanced-text text-align-center-desktop text-align-center-tablet text-align-center-mobile\"><div class=\"gutentor-text-wrap\"><h4 class=\"gutentor-text\">Visi\u00f3n<\/h4><\/div><\/div>\n\n\n\n<div id=\"section-g77bbb0\" class=\"wp-block-gutentor-e0 section-g77bbb0 gutentor-element gutentor-element-advanced-text text-align-left-desktop text-align-left-tablet text-align-left-mobile\"><div class=\"gutentor-text-wrap\"><p class=\"gutentor-text\">Llevar visitantes en recorridos guiados a destinos no tradicionales, poco conocidos, apoyando el crecimiento de las comunidades con la demanda de servicios: hospedaje, alimentaci\u00f3n, gu\u00edas y transportes locales, frenando la migraci\u00f3n local.\u00a0<\/p><\/div><\/div>\n<\/div><\/div>\n<\/div><\/div><\/section>\n<\/div><\/div><\/div>\n\n\n\n<div id=\"18ef4e\" class=\"wp-block-gutentor-m6-item section-18ef4e gutentor-module gutentor-module-accordion-item\"><div class=\"gutentor-module-accordion-panel g-a-panel-48d1e3\"><div class=\"gm-ah-48d1e3 gutentor-module-accordion-item-heading gutentor-module-icon-position-right\"><span class=\"gutentor-module-accordion-panel-handler\" role=\"button\"><span class=\"gutentor-module-accordion-panel-handler-label\">Nuestros Valores<\/span><span class=\"gutentor-module-accordion-icon gutentor-enabled-width\"><i class=\"gm-aio-48d1e3 gutentor-module-accordion-icon-open fas fa-angle-down\"><\/i><i class=\"gm-aic-48d1e3 gutentor-module-accordion-icon-close fas fa-angle-up\"><\/i><\/span><\/span><\/div><div class=\"gm-ab-48d1e3 gutentor-module-accordion-body\">\n<section id=\"gmc5c25db\" class=\"wp-block-gutentor-m4 section-gmc5c25db gutentor-module gutentor-advanced-columns\"><div class=\"grid-container\"><div class=\"grid-row\">\n<div id=\"col-gmc49aa2\" class=\"wp-block-gutentor-m4-col col-gmc49aa2 gutentor-single-column  grid-lg-5 grid-md-12 grid-12\"><div id=\"section-gmc49aa2\" class=\"section-gmc49aa2 gutentor-col-wrap\">\n<div id=\"section-ga23f9c\" class=\"wp-block-gutentor-e6 section-ga23f9c gutentor-element gutentor-element-image\"><div class=\"gutentor-element-image-box\"><div class=\"gutentor-image-thumb\"><img class=\"normal-image\" src=\"http:\/\/osaverdeymar.com\/wp-content\/uploads\/2020\/11\/Captura-de-Pantalla-2020-11-09-a-las-15.03.12.png\"\/><\/div><\/div><\/div>\n\n\n\n<div style=\"height:50px\" aria-hidden=\"true\" class=\"wp-block-spacer\"><\/div>\n\n\n\n<div id=\"section-gcf1a15\" class=\"wp-block-gutentor-e6 section-gcf1a15 gutentor-element gutentor-element-image\"><div class=\"gutentor-element-image-box\"><div class=\"gutentor-image-thumb\"><img class=\"normal-image\" src=\"http:\/\/osaverdeymar.com\/wp-content\/uploads\/2020\/11\/Captura-de-Pantalla-2020-11-09-a-las-15.04.24.png\"\/><\/div><\/div><\/div>\n\n\n\n<div style=\"height:50px\" aria-hidden=\"true\" class=\"wp-block-spacer\"><\/div>\n\n\n\n<div id=\"section-gab7355\" class=\"wp-block-gutentor-e6 section-gab7355 gutentor-element gutentor-element-image\"><div class=\"gutentor-element-image-box\"><div class=\"gutentor-image-thumb\"><img class=\"normal-image\" src=\"http:\/\/osaverdeymar.com\/wp-content\/uploads\/2020\/11\/Captura-de-Pantalla-2020-11-09-a-las-15.03.55.png\"\/><\/div><\/div><\/div>\n<\/div><\/div>\n\n\n\n<div id=\"col-gm7a343b\" class=\"wp-block-gutentor-m4-col col-gm7a343b gutentor-single-column  grid-lg-7 grid-md-12 grid-12\"><div id=\"section-gm7a343b\" class=\"section-gm7a343b gutentor-col-wrap\">\n<div id=\"section-ga24db9\" class=\"wp-block-gutentor-e0 section-ga24db9 gutentor-element gutentor-element-advanced-text text-align-center-desktop text-align-center-tablet text-align-center-mobile\"><div class=\"gutentor-text-wrap\"><h4 class=\"gutentor-text\">Diferenciaci\u00f3n<\/h4><\/div><\/div>\n\n\n\n<div id=\"section-ge70b54\" class=\"wp-block-gutentor-e0 section-ge70b54 gutentor-element gutentor-element-advanced-text\"><div class=\"gutentor-text-wrap\"><p class=\"gutentor-text\">Promovemos un turismo 100% ecol\u00f3gico, responsable con las acciones que se puedan realizar durante y fuera del recorrido. Instamos a nuestros visitantes a tomar decisiones en pos de los ecosistemas que conoceremos.<\/p><\/div><\/div>\n\n\n\n<div style=\"height:200px\" aria-hidden=\"true\" class=\"wp-block-spacer\"><\/div>\n\n\n\n<div id=\"section-g237025\" class=\"wp-block-gutentor-e0 section-g237025 gutentor-element gutentor-element-advanced-text text-align-center-desktop text-align-center-tablet text-align-center-mobile\"><div class=\"gutentor-text-wrap\"><h4 class=\"gutentor-text\">Compromiso con la naturaleza<\/h4><\/div><\/div>\n\n\n\n<div id=\"section-gde6931\" class=\"wp-block-gutentor-e0 section-gde6931 gutentor-element gutentor-element-advanced-text\"><div class=\"gutentor-text-wrap\"><p class=\"gutentor-text\">Tendremos un contacto directo con la naturaleza por lo que buscamos procurar el respeto y las acciones amorosas hacia la madre Tierra. Esperamos que todos y todas nuestros participantes puedan vivir en armon\u00eda con los entornos a visitar.<\/p><\/div><\/div>\n\n\n\n<div style=\"height:200px\" aria-hidden=\"true\" class=\"wp-block-spacer\"><\/div>\n\n\n\n<div id=\"section-gdf20e9\" class=\"wp-block-gutentor-e0 section-gdf20e9 gutentor-element gutentor-element-advanced-text text-align-center-desktop text-align-center-tablet text-align-center-mobile\"><div class=\"gutentor-text-wrap\"><h4 class=\"gutentor-text\">Excelencia<\/h4><\/div><\/div>\n\n\n\n<div id=\"section-g7dd8e8\" class=\"wp-block-gutentor-e0 section-g7dd8e8 gutentor-element gutentor-element-advanced-text\"><div class=\"gutentor-text-wrap\"><p class=\"gutentor-text\">Nos encanta ser agentes y testigos del fortalecimiento de las relaciones interpersonales. Nos encanta viajar con amigos y familias enteras porque creemos firmemente que pasando tiempo juntos en la naturaleza, todo conflicto se puede resolver.<\/p><\/div><\/div>\n\n\n\n<p><\/p>\n<\/div><\/div>\n<\/div><\/div><\/section>\n<\/div><\/div><\/div>\n<\/div><\/section>\n\n\n\n<div style=\"height:100px\" aria-hidden=\"true\" class=\"wp-block-spacer\"><\/div>\n\n\n\n<section id=\"section-101f3e83-aacd-4022-8617-41d2c9d89441\" class=\"wp-block-gutentor-image-box gutentor-section gutentor-image-wrapper imagebox-template1 has-color-bg has-custom-bg\"><div class=\"grid-container\"><div class=\"gutentor-block-header\"><div class=\"gutentor-section-title enable-title-design seperator-bottom text-center\"><h2 class=\"gutentor-title\">Marcas con las que Trabajamos<\/h2><\/div><\/div><div class=\"grid-row gutentor-grid-item-wrap\"><div class=\"gutentor-grid-column grid-lg-4 grid-md-2m3 grid-6\"><div class=\"gutentor-single-item gutentor-image gutentor-single-item-0\"><div class=\"gutentor-single-item-wrap\"><div class=\"gutentor-single-item-image-box\"><div class=\"gutentor-image-thumb\"><img class=\"normal-image\" src=\"http:\/\/osaverdeymar.com\/wp-content\/uploads\/2020\/10\/1.logo-vale-la-nutri-01-e1604943928522.png\" alt=\"\"\/><\/div><\/div><div class=\"gutentor-single-item-content\"><\/div><\/div><\/div><\/div><div class=\"gutentor-grid-column grid-lg-4 grid-md-2m3 grid-6\"><div class=\"gutentor-single-item gutentor-image gutentor-single-item-1\"><div class=\"gutentor-single-item-wrap\"><div class=\"gutentor-single-item-image-box\"><div class=\"gutentor-image-thumb\"><img class=\"normal-image\" src=\"http:\/\/osaverdeymar.com\/wp-content\/uploads\/2020\/11\/logocanet.png\" alt=\"\"\/><\/div><\/div><div class=\"gutentor-single-item-content\"><\/div><\/div><\/div><\/div><\/div><\/div><\/section>\n\n\n\n<div style=\"height:100px\" aria-hidden=\"true\" class=\"wp-block-spacer\"><\/div>\n\n\n\n<section id=\"section-e9cc2226-ae5c-423f-9efd-38138ff98307\" class=\"wp-block-gutentor-about-block gutentor-section gutentor-about about-template4 has-color-bg has-custom-bg\"><div class=\"grid-container\"><div class=\"gutentor-grid-item-wrap\"><div class=\"gutentor-single-item\"><div class=\"grid-row\"><div class=\"grid-md-6 about-grid\"><div class=\"gutentor-single-item-content\"><div class=\"gutentor-about-content\"><h3 class=\"gutentor-single-item-title\">\u00a1Viaje con Nosotros!<\/h3><p class=\"gutentor-single-item-desc\">Puede conocer m\u00e1s informaci\u00f3n sobre nuestros paquetes tur\u00edsticos, puede presionar el siguiente bot\u00f3n. O bien, puede escribirnos por correo electr\u00f3nico para preguntar sobre paquetes espec\u00edficos. <\/p><a class=\"gutentor-button gutentor-single-item-button gutentor-icon-hide\" href=\"http:\/\/osaverdeymar.com\/?page_id=12\" target=\"_blank\" rel=\"noopener noreferrer\"><i class=\"gutentor-button-icon fas fa-book\"><\/i><span>Programas  Tur\u00edsticos<\/span><\/a><\/div><\/div><\/div><div class=\"grid-md-6 about-grid\"><div class=\"gutentor-single-item-image-box\"><div class=\"gutentor-image-thumb\"><img class=\"normal-image\" src=\"http:\/\/osaverdeymar.com\/wp-content\/uploads\/2020\/09\/pexels-belle-co-1000445-scaled.jpg\" alt=\"\"\/><\/div><\/div><\/div><\/div><\/div><\/div><\/div><\/section>\n","protected":false},"excerpt":{"rendered":"<p>Misi\u00f3n, Visi\u00f3n y Valores<\/p>\n","protected":false},"author":1,"featured_media":0,"parent":0,"menu_order":0,"comment_status":"closed","ping_status":"closed","template":"template-gutentor-full-width.php","meta":[],"_links":{"self":[{"href":"https:\/\/osaverdeymar.com\/index.php?rest_route=\/wp\/v2\/pages\/20"}],"collection":[{"href":"https:\/\/osaverdeymar.com\/index.php?rest_route=\/wp\/v2\/pages"}],"about":[{"href":"https:\/\/osaverdeymar.com\/index.php?rest_route=\/wp\/v2\/types\/page"}],"author":[{"embeddable":true,"href":"https:\/\/osaverdeymar.com\/index.php?rest_route=\/wp\/v2\/users\/1"}],"replies":[{"embeddable":true,"href":"https:\/\/osaverdeymar.com\/index.php?rest_route=%2Fwp%2Fv2%2Fcomments&post=20"}],"version-history":[{"count":59,"href":"https:\/\/osaverdeymar.com\/index.php?rest_route=\/wp\/v2\/pages\/20\/revisions"}],"predecessor-version":[{"id":464,"href":"https:\/\/osaverdeymar.com\/index.php?rest_route=\/wp\/v2\/pages\/20\/revisions\/464"}],"wp:attachment":[{"href":"https:\/\/osaverdeymar.com\/index.php?rest_route=%2Fwp%2Fv2%2Fmedia&parent=20"}],"curies":[{"name":"wp","href":"https:\/\/api.w.org\/{rel}","templated":true}]}}